{"id":21523,"date":"2023-03-07T17:33:17","date_gmt":"2023-03-07T17:33:17","guid":{"rendered":"https:\/\/sportodontia.pt\/about-spo\/"},"modified":"2026-05-01T17:42:43","modified_gmt":"2026-05-01T17:42:43","slug":"about-spo","status":"publish","type":"page","link":"https:\/\/www.sportodontia.pt\/en\/about-spo\/","title":{"rendered":"About SPO"},"content":{"rendered":"\t\t<div data-elementor-type=\"wp-page\" data-elementor-id=\"21523\" class=\"elementor elementor-21523 elementor-15211\" data-elementor-post-type=\"page\">\n\t\t\t\t<div class=\"elementor-element elementor-element-2f628168 e-flex e-con-boxed e-con e-parent\" data-id=\"2f628168\" data-element_type=\"container\" data-e-type=\"container\" data-settings=\"{&quot;background_background&quot;:&quot;classic&quot;,&quot;shape_divider_bottom&quot;:&quot;waves&quot;}\">\n\t\t\t\t\t<div class=\"e-con-inner\">\n\t\t\t\t<div class=\"elementor-shape elementor-shape-bottom\" aria-hidden=\"true\" data-negative=\"false\">\n\t\t\t<svg xmlns=\"http:\/\/www.w3.org\/2000\/svg\" viewBox=\"0 0 1000 100\" preserveAspectRatio=\"none\">\n\t<path class=\"elementor-shape-fill\" d=\"M421.9,6.5c22.6-2.5,51.5,0.4,75.5,5.3c23.6,4.9,70.9,23.5,100.5,35.7c75.8,32.2,133.7,44.5,192.6,49.7\n\tc23.6,2.1,48.7,3.5,103.4-2.5c54.7-6,106.2-25.6,106.2-25.6V0H0v30.3c0,0,72,32.6,158.4,30.5c39.2-0.7,92.8-6.7,134-22.4\n\tc21.2-8.1,52.2-18.2,79.7-24.2C399.3,7.9,411.6,7.5,421.9,6.5z\"\/>\n<\/svg>\t\t<\/div>\n\t\t\t\t<div class=\"elementor-element elementor-element-22d8c0c1 elementor-widget elementor-widget-heading\" data-id=\"22d8c0c1\" data-element_type=\"widget\" data-e-type=\"widget\" data-widget_type=\"heading.default\">\n\t\t\t\t<div class=\"elementor-widget-container\">\n\t\t\t\t\t<h1 class=\"elementor-heading-title elementor-size-default\">The Portuguese Orthodontic Society<\/h1>\t\t\t\t<\/div>\n\t\t\t\t<\/div>\n\t\t\t\t<div class=\"elementor-element elementor-element-5f3ee5c6 elementor-widget elementor-widget-heading\" data-id=\"5f3ee5c6\" data-element_type=\"widget\" data-e-type=\"widget\" data-widget_type=\"heading.default\">\n\t\t\t\t<div class=\"elementor-widget-container\">\n\t\t\t\t\t<h4 class=\"elementor-heading-title elementor-size-default\">The Portuguese Orthodontic Society is a medical association dedicated to the study and research of orthodontics.<\/h4>\t\t\t\t<\/div>\n\t\t\t\t<\/div>\n\t\t\t\t\t<\/div>\n\t\t\t\t<\/div>\n\t\t<div class=\"elementor-element elementor-element-f020c38 e-flex e-con-boxed e-con e-parent\" data-id=\"f020c38\" data-element_type=\"container\" data-e-type=\"container\">\n\t\t\t\t\t<div class=\"e-con-inner\">\n\t\t<div class=\"elementor-element elementor-element-becb993 e-con-full e-flex e-con e-child\" data-id=\"becb993\" data-element_type=\"container\" data-e-type=\"container\">\n\t\t\t\t<div class=\"elementor-element elementor-element-021ba40 elementor-widget elementor-widget-heading\" data-id=\"021ba40\" data-element_type=\"widget\" data-e-type=\"widget\" data-widget_type=\"heading.default\">\n\t\t\t\t<div class=\"elementor-widget-container\">\n\t\t\t\t\t<h2 class=\"elementor-heading-title elementor-size-default\">The History of the SPO<\/h2>\t\t\t\t<\/div>\n\t\t\t\t<\/div>\n\t\t\t\t<div class=\"elementor-element elementor-element-7eba01c elementor-widget elementor-widget-text-editor\" data-id=\"7eba01c\" data-element_type=\"widget\" data-e-type=\"widget\" data-widget_type=\"text-editor.default\">\n\t\t\t\t<div class=\"elementor-widget-container\">\n\t\t\t\t\t\t\t\t\t<p>In the early 1990s, a group of dentists and stomatologists, eager to acquire new knowledge in the field of orthodontic sciences, decided to organize a study group following a course taught by Professor Dr. Hugo Trevisi. Thus, in September 1992, at a meeting held at the Hotel Zurich in Lisbon, the first statutes of the Organizing Committee of the Portuguese Straight-Wire Foundation Group were presented. This group included Dr. Miguel N\u00f3brega, Dr. Martin Pine, Dr. S\u00e9rgio Gon\u00e7alves, Dr. Carlos Mota, Dr. Joaquim Morgado, Dr. Faria, Dr. Jos\u00e9 Carlos Fernandes, Dr. \u00c1lvaro Moreira, Dr. Carlos Pinto, Dr. Falc\u00e3o, Dr. Luis Pinto, Dr. Alfeu, Dr. Silvestre Agostinho, Dr. Jorge Catarino, Dr. Nuno Lopes, among others.  <\/p>\n<p>In July 1993, at a meeting held at the Hotel D. In\u00eas in Coimbra, it was decided to found the Portuguese Society of Straight-Wire Orthodontics.&nbsp; The bylaws were drafted by Dr. Ilidio Santos, and the public deed was executed on March 1, 1995.<\/p>\n<p>The Installation Committee was defined, composed of colleagues Ilidio Santos, Francisco Freitas, Rui Domingues, Joaquim Morgado and Jos\u00e9 Carlos Pereira.&nbsp;<\/p>\n<p>After its founding, new colleagues joined the society, and the organization of the first training events and the first congress of the Portuguese Orthodontic Society began.<\/p>\n<p>Once again, Coimbra had the privilege of hosting this congress, which took place on December 16th and 17th, 1995, at the Hotel D. Luis. The organization was handled by Dr. Manoel Marques Ferreira and Dr. Carlos Mota, who made efforts to gather colleagues to present their clinical cases. Dr. Hugo Trevisi was also invited to the event, and in addition to his presentation, he attentively listened to the lectures of his colleagues from the Portuguese Society of Orthodontics, with the pride of a master.  <\/p>\t\t\t\t\t\t\t\t<\/div>\n\t\t\t\t<\/div>\n\t\t\t\t<div class=\"elementor-element elementor-element-adb0a55 elementor-widget elementor-widget-text-editor\" data-id=\"adb0a55\" data-element_type=\"widget\" data-e-type=\"widget\" data-widget_type=\"text-editor.default\">\n\t\t\t\t<div class=\"elementor-widget-container\">\n\t\t\t\t\t\t\t\t\t<h3>Portuguese Society of Orthodontics: past, present and future&#8230;<\/h3><p class=\"MsoNormal\" style=\"text-align: justify; line-height: 150%; background-image: initial; background-position: initial; background-size: initial; background-repeat: initial; background-attachment: initial; background-origin: initial; background-clip: initial;\"><span style=\"font-size: 12pt; line-height: 150%;\">From that time on, the Society never stopped, seeking to organize scientific sessions and congresses, promoting scientific work and publications, always trying to give prestige and dignity to Orthodontics, with the maxim that knowledge belongs to everyone and is for everyone.<\/span><\/p><p class=\"MsoNormal\" style=\"text-align: justify; line-height: 150%; background-image: initial; background-position: initial; background-size: initial; background-repeat: initial; background-attachment: initial; background-origin: initial; background-clip: initial;\"><span style=\"font-size: 12pt; line-height: 150%;\">Confident that these events would constitute important milestones in consolidating and affirming an area of \u200b\u200bDentistry that needs support and synergy from institutions whose mission is to defend ethics, professional conduct, and the qualifications of their members, while respecting patients&#8217; right to qualified dental care, various events have been held over the years in different locations across the country, attempting to bring to all colleagues the most modern and innovative practices from Portugal and abroad. <\/span><\/p><p class=\"MsoNormal\" style=\"text-align: justify; line-height: 150%; background-image: initial; background-position: initial; background-size: initial; background-repeat: initial; background-attachment: initial; background-origin: initial; background-clip: initial;\"><span style=\"font-size: 12pt; line-height: 150%;\">From this perspective, the SPO (Portuguese Society of Orthodontics) has been concerned with having a panel of speakers and trainers at its annual Congress with the highest quality and prestige at the national and international level, with extensive clinical and academic experience and a vast contribution to studies and publications in the most relevant scientific journals of Orthodontics.<\/span><\/p><p class=\"MsoNormal\" style=\"text-align: justify; line-height: 150%; background-image: initial; background-position: initial; background-size: initial; background-repeat: initial; background-attachment: initial; background-origin: initial; background-clip: initial;\"><span style=\"font-size: 12pt; line-height: 150%;\">Years pass and the work remains. Men come and go, but institutions endure.<br>We want the Portuguese Orthodontic Society to continue growing and contributing to the technical\/scientific training of Dentists\/Stomatologists, within a healthy environment, and for colleagues to embrace this journey in order to do more and better, for the benefit of Orthodontics, Dentistry and the oral health of the Portuguese people. <\/span><\/p>\t\t\t\t\t\t\t\t<\/div>\n\t\t\t\t<\/div>\n\t\t\t\t<\/div>\n\t\t<div class=\"elementor-element elementor-element-4371a3b e-con-full e-flex e-con e-child\" data-id=\"4371a3b\" data-element_type=\"container\" data-e-type=\"container\">\n\t\t\t\t<div class=\"elementor-element elementor-element-6abfa85 e-n-tabs-mobile elementor-widget elementor-widget-n-tabs\" data-id=\"6abfa85\" data-element_type=\"widget\" data-e-type=\"widget\" data-settings=\"{&quot;tabs_justify_horizontal&quot;:&quot;center&quot;,&quot;horizontal_scroll&quot;:&quot;disable&quot;}\" data-widget_type=\"nested-tabs.default\">\n\t\t\t\t<div class=\"elementor-widget-container\">\n\t\t\t\t\t\t\t<div class=\"e-n-tabs\" data-widget-number=\"111934085\" aria-label=\"Tabs. Open items with Enter or Space, close with Escape and navigate using the Arrow keys.\">\n\t\t\t<div class=\"e-n-tabs-heading\" role=\"tablist\">\n\t\t\t\t\t<button id=\"e-n-tab-title-1119340851\" data-tab-title-id=\"e-n-tab-title-1119340851\" class=\"e-n-tab-title\" aria-selected=\"true\" data-tab-index=\"1\" role=\"tab\" tabindex=\"0\" aria-controls=\"e-n-tab-content-1119340851\" style=\"--n-tabs-title-order: 1;\">\n\t\t\t\t\t\t<span class=\"e-n-tab-title-text\">\n\t\t\t\tThe 90s\t\t\t<\/span>\n\t\t<\/button>\n\t\t\t\t<button id=\"e-n-tab-title-1119340852\" data-tab-title-id=\"e-n-tab-title-1119340852\" class=\"e-n-tab-title\" aria-selected=\"false\" data-tab-index=\"2\" role=\"tab\" tabindex=\"-1\" aria-controls=\"e-n-tab-content-1119340852\" style=\"--n-tabs-title-order: 2;\">\n\t\t\t\t\t\t<span class=\"e-n-tab-title-text\">\n\t\t\t\tThe 2000s\t\t\t<\/span>\n\t\t<\/button>\n\t\t\t\t<button id=\"e-n-tab-title-1119340853\" data-tab-title-id=\"e-n-tab-title-1119340853\" class=\"e-n-tab-title\" aria-selected=\"false\" data-tab-index=\"3\" role=\"tab\" tabindex=\"-1\" aria-controls=\"e-n-tab-content-1119340853\" style=\"--n-tabs-title-order: 3;\">\n\t\t\t\t\t\t<span class=\"e-n-tab-title-text\">\n\t\t\t\tYears 2010\t\t\t<\/span>\n\t\t<\/button>\n\t\t\t\t<button id=\"e-n-tab-title-1119340854\" data-tab-title-id=\"e-n-tab-title-1119340854\" class=\"e-n-tab-title\" aria-selected=\"false\" data-tab-index=\"4\" role=\"tab\" tabindex=\"-1\" aria-controls=\"e-n-tab-content-1119340854\" style=\"--n-tabs-title-order: 4;\">\n\t\t\t\t\t\t<span class=\"e-n-tab-title-text\">\n\t\t\t\t2020\t\t\t<\/span>\n\t\t<\/button>\n\t\t\t\t\t<\/div>\n\t\t\t<div class=\"e-n-tabs-content\">\n\t\t\t\t<div id=\"e-n-tab-content-1119340851\" role=\"tabpanel\" aria-labelledby=\"e-n-tab-title-1119340851\" data-tab-index=\"1\" style=\"--n-tabs-title-order: 1;\" class=\"e-active elementor-element elementor-element-80fbf47 e-con-full e-flex e-con e-child\" data-id=\"80fbf47\" data-element_type=\"container\" data-e-type=\"container\">\n\t\t\t\t<div class=\"elementor-element elementor-element-c153779 wpr-list-style-none elementor-widget elementor-widget-wpr-posts-timeline\" data-id=\"c153779\" data-element_type=\"widget\" data-e-type=\"widget\" data-settings=\"{&quot;swiper_delay&quot;:1000,&quot;swiper_speed&quot;:5000}\" data-widget_type=\"wpr-posts-timeline.default\">\n\t\t\t\t<div class=\"elementor-widget-container\">\n\t\t\t\t\t<div class=\"wpr-timeline-outer-container\"><div class=\"wpr-wrapper swiper wpr-horizontal-bottom\" dir=\"\" data-slidestoshow = \"3\" data-autoplay=\"yes\" data-loop=\"\" data-swiper-speed=\"5000\" data-swiper-delay=\"1000\" data-swiper-poh=\"yes\" data-swiper-space-between=\"5\"><div class=\"swiper-wrapper wpr-horizontal-bottom-timeline\"><div class=\"swiper-slide swiper-slide-line-top no elementor-repeater-item-53d3a79\"><div class=\"wpr-main-line-icon wpr-icon\"><svg aria-hidden=\"true\" class=\"e-font-icon-svg e-far-dot-circle\" viewBox=\"0 0 512 512\" xmlns=\"http:\/\/www.w3.org\/2000\/svg\"><path d=\"M256 56c110.532 0 200 89.451 200 200 0 110.532-89.451 200-200 200-110.532 0-200-89.451-200-200 0-110.532 89.451-200 200-200m0-48C119.033 8 8 119.033 8 256s111.033 248 248 248 248-111.033 248-248S392.967 8 256 8zm0 168c-44.183 0-80 35.817-80 80s35.817 80 80 80 80-35.817 80-80-35.817-80-80-80z\"><\/path><\/svg><\/div><div class=\"wpr-story-info \"><div class=\"wpr-timeline-content-wrapper\"><div class=\"wpr-title-wrap\"><span class=\"wpr-title\">1992<\/span><\/div><div class=\"wpr-description\"><p>Presentation of the first statutes of the SPO (at the time the Portuguese Straight-Wire Orthodontics Foundation)<\/p><\/div><\/div><\/div><\/div><div class=\"swiper-slide swiper-slide-line-top no elementor-repeater-item-e59b010\"><div class=\"wpr-extra-label\" ><span class=\"wpr-label\" >Foundation of the SPO<\/span><span class=\"wpr-sub-label\" >Coimbra<\/span><\/div><div class=\"wpr-main-line-icon wpr-icon\"><svg aria-hidden=\"true\" class=\"e-font-icon-svg e-far-dot-circle\" viewBox=\"0 0 512 512\" xmlns=\"http:\/\/www.w3.org\/2000\/svg\"><path d=\"M256 56c110.532 0 200 89.451 200 200 0 110.532-89.451 200-200 200-110.532 0-200-89.451-200-200 0-110.532 89.451-200 200-200m0-48C119.033 8 8 119.033 8 256s111.033 248 248 248 248-111.033 248-248S392.967 8 256 8zm0 168c-44.183 0-80 35.817-80 80s35.817 80 80 80 80-35.817 80-80-35.817-80-80-80z\"><\/path><\/svg><\/div><div class=\"wpr-story-info \"><div class=\"wpr-timeline-content-wrapper\"><div class=\"wpr-title-wrap\"><span class=\"wpr-title\">1993<\/span><\/div><div class=\"wpr-description\"><p>The <strong>founding of the SPO<\/strong> took place at a meeting held at the Hotel D. In\u00eas in Coimbra.<\/p><\/div><\/div><\/div><\/div><div class=\"swiper-slide swiper-slide-line-top no elementor-repeater-item-8569b76\"><div class=\"wpr-extra-label\" ><span class=\"wpr-label\" >1st SPO Congress<\/span><span class=\"wpr-sub-label\" >Porto<\/span><\/div><div class=\"wpr-main-line-icon wpr-icon\"><svg aria-hidden=\"true\" class=\"e-font-icon-svg e-far-dot-circle\" viewBox=\"0 0 512 512\" xmlns=\"http:\/\/www.w3.org\/2000\/svg\"><path d=\"M256 56c110.532 0 200 89.451 200 200 0 110.532-89.451 200-200 200-110.532 0-200-89.451-200-200 0-110.532 89.451-200 200-200m0-48C119.033 8 8 119.033 8 256s111.033 248 248 248 248-111.033 248-248S392.967 8 256 8zm0 168c-44.183 0-80 35.817-80 80s35.817 80 80 80 80-35.817 80-80-35.817-80-80-80z\"><\/path><\/svg><\/div><div class=\"wpr-story-info \"><div class=\"wpr-timeline-content-wrapper\"><div class=\"wpr-title-wrap\"><span class=\"wpr-title\">1994<\/span><\/div><div class=\"wpr-description\"><p>SPO President: Dr. Joaquim Morgado<br>Congress President: Dr. \u00c1lvaro Moreira<\/p><\/div><\/div><\/div><\/div><div class=\"swiper-slide swiper-slide-line-top no elementor-repeater-item-2540f52\"><div class=\"wpr-extra-label\" ><span class=\"wpr-label\" >2nd SPO Congress<\/span><span class=\"wpr-sub-label\" >Coimbra<\/span><\/div><div class=\"wpr-main-line-icon wpr-icon\"><svg aria-hidden=\"true\" class=\"e-font-icon-svg e-far-dot-circle\" viewBox=\"0 0 512 512\" xmlns=\"http:\/\/www.w3.org\/2000\/svg\"><path d=\"M256 56c110.532 0 200 89.451 200 200 0 110.532-89.451 200-200 200-110.532 0-200-89.451-200-200 0-110.532 89.451-200 200-200m0-48C119.033 8 8 119.033 8 256s111.033 248 248 248 248-111.033 248-248S392.967 8 256 8zm0 168c-44.183 0-80 35.817-80 80s35.817 80 80 80 80-35.817 80-80-35.817-80-80-80z\"><\/path><\/svg><\/div><div class=\"wpr-story-info \"><div class=\"wpr-timeline-content-wrapper\"><div class=\"wpr-title-wrap\"><span class=\"wpr-title\">1995<\/span><\/div><div class=\"wpr-description\"><p>Presidente da SPO: Dr. Joaquim Morgado<br>Presidente do congresso: Dr. Carlos Mota e Dr. Manuel Marques Ferreira<\/p><\/div><\/div><\/div><\/div><div class=\"swiper-slide swiper-slide-line-top no elementor-repeater-item-a014242\"><div class=\"wpr-extra-label\" ><span class=\"wpr-label\" >3rd SPO Congress<\/span><span class=\"wpr-sub-label\" >Castelo de Vide<\/span><\/div><div class=\"wpr-main-line-icon wpr-icon\"><svg aria-hidden=\"true\" class=\"e-font-icon-svg e-far-dot-circle\" viewBox=\"0 0 512 512\" xmlns=\"http:\/\/www.w3.org\/2000\/svg\"><path d=\"M256 56c110.532 0 200 89.451 200 200 0 110.532-89.451 200-200 200-110.532 0-200-89.451-200-200 0-110.532 89.451-200 200-200m0-48C119.033 8 8 119.033 8 256s111.033 248 248 248 248-111.033 248-248S392.967 8 256 8zm0 168c-44.183 0-80 35.817-80 80s35.817 80 80 80 80-35.817 80-80-35.817-80-80-80z\"><\/path><\/svg><\/div><div class=\"wpr-story-info \"><div class=\"wpr-timeline-content-wrapper\"><div class=\"wpr-title-wrap\"><span class=\"wpr-title\">1996<\/span><\/div><div class=\"wpr-description\"><p>Presidente da SPO: Dr. Joaquim Morgado<br>Presidente do congresso: Dr. Martinho Pinheiro<\/p><\/div><\/div><\/div><\/div><div class=\"swiper-slide swiper-slide-line-top no elementor-repeater-item-292e3dd\"><div class=\"wpr-extra-label\" ><span class=\"wpr-label\" >4th SPO Congress<\/span><span class=\"wpr-sub-label\" >Aveiro<\/span><\/div><div class=\"wpr-main-line-icon wpr-icon\"><svg aria-hidden=\"true\" class=\"e-font-icon-svg e-far-dot-circle\" viewBox=\"0 0 512 512\" xmlns=\"http:\/\/www.w3.org\/2000\/svg\"><path d=\"M256 56c110.532 0 200 89.451 200 200 0 110.532-89.451 200-200 200-110.532 0-200-89.451-200-200 0-110.532 89.451-200 200-200m0-48C119.033 8 8 119.033 8 256s111.033 248 248 248 248-111.033 248-248S392.967 8 256 8zm0 168c-44.183 0-80 35.817-80 80s35.817 80 80 80 80-35.817 80-80-35.817-80-80-80z\"><\/path><\/svg><\/div><div class=\"wpr-story-info \"><div class=\"wpr-timeline-content-wrapper\"><div class=\"wpr-title-wrap\"><span class=\"wpr-title\">1997<\/span><\/div><div class=\"wpr-description\"><p>Presidente da SPO: Dr. Joaquim Morgado<br>Presidente do congresso: Dr.\u00aa Ana Paula Ferreira<\/p><\/div><\/div><\/div><\/div><div class=\"swiper-slide swiper-slide-line-top no elementor-repeater-item-2d33261\"><div class=\"wpr-extra-label\" ><span class=\"wpr-label\" >5th SPO Congress<\/span><span class=\"wpr-sub-label\" >Porto<\/span><\/div><div class=\"wpr-main-line-icon wpr-icon\"><svg aria-hidden=\"true\" class=\"e-font-icon-svg e-far-dot-circle\" viewBox=\"0 0 512 512\" xmlns=\"http:\/\/www.w3.org\/2000\/svg\"><path d=\"M256 56c110.532 0 200 89.451 200 200 0 110.532-89.451 200-200 200-110.532 0-200-89.451-200-200 0-110.532 89.451-200 200-200m0-48C119.033 8 8 119.033 8 256s111.033 248 248 248 248-111.033 248-248S392.967 8 256 8zm0 168c-44.183 0-80 35.817-80 80s35.817 80 80 80 80-35.817 80-80-35.817-80-80-80z\"><\/path><\/svg><\/div><div class=\"wpr-story-info \"><div class=\"wpr-timeline-content-wrapper\"><div class=\"wpr-title-wrap\"><span class=\"wpr-title\">1998<\/span><\/div><div class=\"wpr-description\"><p>Presidente da SPO: Dr. Carlos Mota<br>Presidente do congresso: Dr. Carlos Mota<\/p><\/div><\/div><\/div><\/div><div class=\"swiper-slide swiper-slide-line-top no elementor-repeater-item-70fd75f\"><div class=\"wpr-extra-label\" ><span class=\"wpr-label\" >6th SPO Congress<\/span><span class=\"wpr-sub-label\" >Vimeiro<\/span><\/div><div class=\"wpr-main-line-icon wpr-icon\"><svg aria-hidden=\"true\" class=\"e-font-icon-svg e-far-dot-circle\" viewBox=\"0 0 512 512\" xmlns=\"http:\/\/www.w3.org\/2000\/svg\"><path d=\"M256 56c110.532 0 200 89.451 200 200 0 110.532-89.451 200-200 200-110.532 0-200-89.451-200-200 0-110.532 89.451-200 200-200m0-48C119.033 8 8 119.033 8 256s111.033 248 248 248 248-111.033 248-248S392.967 8 256 8zm0 168c-44.183 0-80 35.817-80 80s35.817 80 80 80 80-35.817 80-80-35.817-80-80-80z\"><\/path><\/svg><\/div><div class=\"wpr-story-info \"><div class=\"wpr-timeline-content-wrapper\"><div class=\"wpr-title-wrap\"><span class=\"wpr-title\">1999<\/span><\/div><div class=\"wpr-description\"><p>Presidente da SPO: Dr. Carlos Mota<br>Presidente do congresso: Dr. Carlos Mota e Dr. Manuel Marques Ferreira<\/p><\/div><\/div><\/div><\/div><\/div>\n\t\t\t<!-- Add Pagination -->        \n\t\t\t<div class=\"wpr-swiper-pagination\"><\/div>\n\t\t\t<!-- Add Arrows -->\n\t\t\t<div class=\"wpr-button-prev wpr-timeline-prev-arrow wpr-timeline-prev-c153779\">\n\t\t\t\t<i class=\"fas fa-angle-left\"><\/i>\n\t\t\t<\/div>\n\t\t\t<div class=\"wpr-button-next wpr-timeline-next-arrow wpr-timeline-next-c153779\">\n\t\t\t\t<i class=\"fas fa-angle-left\"><\/i>\n\t\t\t<\/div>\n\t\t<\/div><\/div>\t\t\t\t<\/div>\n\t\t\t\t<\/div>\n\t\t\t\t<\/div>\n\t\t<div id=\"e-n-tab-content-1119340852\" role=\"tabpanel\" aria-labelledby=\"e-n-tab-title-1119340852\" data-tab-index=\"2\" style=\"--n-tabs-title-order: 2;\" class=\" elementor-element elementor-element-f6a9223 e-con-full e-flex e-con e-child\" data-id=\"f6a9223\" data-element_type=\"container\" data-e-type=\"container\">\n\t\t\t\t<div class=\"elementor-element elementor-element-d3cf5c9 wpr-list-style-none elementor-widget elementor-widget-wpr-posts-timeline\" data-id=\"d3cf5c9\" data-element_type=\"widget\" data-e-type=\"widget\" data-settings=\"{&quot;swiper_delay&quot;:1000,&quot;swiper_speed&quot;:5000}\" data-widget_type=\"wpr-posts-timeline.default\">\n\t\t\t\t<div class=\"elementor-widget-container\">\n\t\t\t\t\t<div class=\"wpr-timeline-outer-container\"><div class=\"wpr-wrapper swiper wpr-horizontal\" dir=\"\" data-slidestoshow = \"3\" data-autoplay=\"yes\" data-loop=\"\" data-swiper-speed=\"5000\" data-swiper-delay=\"1000\" data-swiper-poh=\"yes\" data-swiper-space-between=\"5\"><div class=\"swiper-wrapper wpr-horizontal-timeline\"><div class=\"swiper-slide swiper-slide-line-bottom no elementor-repeater-item-c677013\"><div class=\"wpr-extra-label\" ><span class=\"wpr-label\" >7th SPO Congress<\/span><span class=\"wpr-sub-label\" >P\u00f3voa de Varzim<\/span><\/div><div class=\"wpr-main-line-icon wpr-icon\"><svg aria-hidden=\"true\" class=\"e-font-icon-svg e-far-dot-circle\" viewBox=\"0 0 512 512\" xmlns=\"http:\/\/www.w3.org\/2000\/svg\"><path d=\"M256 56c110.532 0 200 89.451 200 200 0 110.532-89.451 200-200 200-110.532 0-200-89.451-200-200 0-110.532 89.451-200 200-200m0-48C119.033 8 8 119.033 8 256s111.033 248 248 248 248-111.033 248-248S392.967 8 256 8zm0 168c-44.183 0-80 35.817-80 80s35.817 80 80 80 80-35.817 80-80-35.817-80-80-80z\"><\/path><\/svg><\/div><div class=\"wpr-story-info \"><div class=\"wpr-timeline-content-wrapper\"><div class=\"wpr-title-wrap\"><span class=\"wpr-title\">2000<\/span><\/div><div class=\"wpr-description\"><p>Presidente da SPO: Dr. Martinho Pinheiro<br>Presidente do congresso: Dr\u00aa Isabel Augusto e Dr\u00aa Cl\u00e1udia Machado<\/p><\/div><\/div><\/div><\/div><div class=\"swiper-slide swiper-slide-line-bottom no elementor-repeater-item-c89facf\"><div class=\"wpr-extra-label\" ><span class=\"wpr-label\" >8th SPO Congress<\/span><span class=\"wpr-sub-label\" >Madeira<\/span><\/div><div class=\"wpr-main-line-icon wpr-icon\"><svg aria-hidden=\"true\" class=\"e-font-icon-svg e-far-dot-circle\" viewBox=\"0 0 512 512\" xmlns=\"http:\/\/www.w3.org\/2000\/svg\"><path d=\"M256 56c110.532 0 200 89.451 200 200 0 110.532-89.451 200-200 200-110.532 0-200-89.451-200-200 0-110.532 89.451-200 200-200m0-48C119.033 8 8 119.033 8 256s111.033 248 248 248 248-111.033 248-248S392.967 8 256 8zm0 168c-44.183 0-80 35.817-80 80s35.817 80 80 80 80-35.817 80-80-35.817-80-80-80z\"><\/path><\/svg><\/div><div class=\"wpr-story-info \"><div class=\"wpr-timeline-content-wrapper\"><div class=\"wpr-title-wrap\"><span class=\"wpr-title\">2001<\/span><\/div><div class=\"wpr-description\"><p>Presidente da SPO: Dr. Martinho Pinheiro<br>Presidente do congresso: Dr. Miguel da N\u00f3brega<\/p><\/div><\/div><\/div><\/div><div class=\"swiper-slide swiper-slide-line-bottom no elementor-repeater-item-934b033\"><div class=\"wpr-extra-label\" ><span class=\"wpr-label\" >9th SPO Congress<\/span><span class=\"wpr-sub-label\" >Figueira da Foz<\/span><\/div><div class=\"wpr-main-line-icon wpr-icon\"><svg aria-hidden=\"true\" class=\"e-font-icon-svg e-far-dot-circle\" viewBox=\"0 0 512 512\" xmlns=\"http:\/\/www.w3.org\/2000\/svg\"><path d=\"M256 56c110.532 0 200 89.451 200 200 0 110.532-89.451 200-200 200-110.532 0-200-89.451-200-200 0-110.532 89.451-200 200-200m0-48C119.033 8 8 119.033 8 256s111.033 248 248 248 248-111.033 248-248S392.967 8 256 8zm0 168c-44.183 0-80 35.817-80 80s35.817 80 80 80 80-35.817 80-80-35.817-80-80-80z\"><\/path><\/svg><\/div><div class=\"wpr-story-info \"><div class=\"wpr-timeline-content-wrapper\"><div class=\"wpr-title-wrap\"><span class=\"wpr-title\">2002<\/span><\/div><div class=\"wpr-description\"><p>Presidente da SPO: Dr. Martinho Pinheiro <br>Presidente do congresso: Dr. S\u00e9rgio Gon\u00e7alves<\/p><\/div><\/div><\/div><\/div><div class=\"swiper-slide swiper-slide-line-bottom no elementor-repeater-item-7e4b3f0\"><div class=\"wpr-extra-label\" ><span class=\"wpr-label\" >10th SPO Congress<\/span><span class=\"wpr-sub-label\" >Estoril<\/span><\/div><div class=\"wpr-main-line-icon wpr-icon\"><svg aria-hidden=\"true\" class=\"e-font-icon-svg e-far-dot-circle\" viewBox=\"0 0 512 512\" xmlns=\"http:\/\/www.w3.org\/2000\/svg\"><path d=\"M256 56c110.532 0 200 89.451 200 200 0 110.532-89.451 200-200 200-110.532 0-200-89.451-200-200 0-110.532 89.451-200 200-200m0-48C119.033 8 8 119.033 8 256s111.033 248 248 248 248-111.033 248-248S392.967 8 256 8zm0 168c-44.183 0-80 35.817-80 80s35.817 80 80 80 80-35.817 80-80-35.817-80-80-80z\"><\/path><\/svg><\/div><div class=\"wpr-story-info \"><div class=\"wpr-timeline-content-wrapper\"><div class=\"wpr-title-wrap\"><span class=\"wpr-title\">2003<\/span><\/div><div class=\"wpr-description\"><p>Presidente da SPO: Dr. Miguel da N\u00f3brega<br>Presidente do congresso: Dr.\u00aa Anabela Pereira e Dr.\u00aa Luciana Coutinho<\/p><\/div><\/div><\/div><\/div><div class=\"swiper-slide swiper-slide-line-bottom no elementor-repeater-item-563cd05\"><div class=\"wpr-extra-label\" ><span class=\"wpr-label\" >11th SPO Congress<\/span><span class=\"wpr-sub-label\" >Espinho<\/span><\/div><div class=\"wpr-main-line-icon wpr-icon\"><svg aria-hidden=\"true\" class=\"e-font-icon-svg e-far-dot-circle\" viewBox=\"0 0 512 512\" xmlns=\"http:\/\/www.w3.org\/2000\/svg\"><path d=\"M256 56c110.532 0 200 89.451 200 200 0 110.532-89.451 200-200 200-110.532 0-200-89.451-200-200 0-110.532 89.451-200 200-200m0-48C119.033 8 8 119.033 8 256s111.033 248 248 248 248-111.033 248-248S392.967 8 256 8zm0 168c-44.183 0-80 35.817-80 80s35.817 80 80 80 80-35.817 80-80-35.817-80-80-80z\"><\/path><\/svg><\/div><div class=\"wpr-story-info \"><div class=\"wpr-timeline-content-wrapper\"><div class=\"wpr-title-wrap\"><span class=\"wpr-title\">2004<\/span><\/div><div class=\"wpr-description\"><p>Presidente da SPO: Dr. Miguel da N\u00f3brega<br>Presidente do congresso: Dra. Teresa Pinho<\/p><\/div><\/div><\/div><\/div><div class=\"swiper-slide swiper-slide-line-bottom no elementor-repeater-item-eec9738\"><div class=\"wpr-extra-label\" ><span class=\"wpr-label\" >12th SPO Congress<\/span><span class=\"wpr-sub-label\" >Braga<\/span><\/div><div class=\"wpr-main-line-icon wpr-icon\"><svg aria-hidden=\"true\" class=\"e-font-icon-svg e-far-dot-circle\" viewBox=\"0 0 512 512\" xmlns=\"http:\/\/www.w3.org\/2000\/svg\"><path d=\"M256 56c110.532 0 200 89.451 200 200 0 110.532-89.451 200-200 200-110.532 0-200-89.451-200-200 0-110.532 89.451-200 200-200m0-48C119.033 8 8 119.033 8 256s111.033 248 248 248 248-111.033 248-248S392.967 8 256 8zm0 168c-44.183 0-80 35.817-80 80s35.817 80 80 80 80-35.817 80-80-35.817-80-80-80z\"><\/path><\/svg><\/div><div class=\"wpr-story-info \"><div class=\"wpr-timeline-content-wrapper\"><div class=\"wpr-title-wrap\"><span class=\"wpr-title\">2005<\/span><\/div><div class=\"wpr-description\"><p>Presidente da SPO: Dr. Miguel da N\u00f3brega<br>Presidente do congresso: Dr. Carlos S\u00e1 da Costa<\/p><\/div><\/div><\/div><\/div><div class=\"swiper-slide swiper-slide-line-bottom no elementor-repeater-item-77a71ad\"><div class=\"wpr-extra-label\" ><span class=\"wpr-label\" >13th SPO Congress<\/span><span class=\"wpr-sub-label\" >Viseu<\/span><\/div><div class=\"wpr-main-line-icon wpr-icon\"><svg aria-hidden=\"true\" class=\"e-font-icon-svg e-far-dot-circle\" viewBox=\"0 0 512 512\" xmlns=\"http:\/\/www.w3.org\/2000\/svg\"><path d=\"M256 56c110.532 0 200 89.451 200 200 0 110.532-89.451 200-200 200-110.532 0-200-89.451-200-200 0-110.532 89.451-200 200-200m0-48C119.033 8 8 119.033 8 256s111.033 248 248 248 248-111.033 248-248S392.967 8 256 8zm0 168c-44.183 0-80 35.817-80 80s35.817 80 80 80 80-35.817 80-80-35.817-80-80-80z\"><\/path><\/svg><\/div><div class=\"wpr-story-info \"><div class=\"wpr-timeline-content-wrapper\"><div class=\"wpr-title-wrap\"><span class=\"wpr-title\">2006<\/span><\/div><div class=\"wpr-description\"><p>Presidente da SPO: Dr. Miguel da N\u00f3brega<br>Presidente do congresso: Dr. Miguel Gon\u00e7alves<\/p><\/div><\/div><\/div><\/div><div class=\"swiper-slide swiper-slide-line-bottom no elementor-repeater-item-7fe8427\"><div class=\"wpr-extra-label\" ><span class=\"wpr-label\" >14th SPO Congress<\/span><span class=\"wpr-sub-label\" >Santo Tirso<\/span><\/div><div class=\"wpr-main-line-icon wpr-icon\"><svg aria-hidden=\"true\" class=\"e-font-icon-svg e-far-dot-circle\" viewBox=\"0 0 512 512\" xmlns=\"http:\/\/www.w3.org\/2000\/svg\"><path d=\"M256 56c110.532 0 200 89.451 200 200 0 110.532-89.451 200-200 200-110.532 0-200-89.451-200-200 0-110.532 89.451-200 200-200m0-48C119.033 8 8 119.033 8 256s111.033 248 248 248 248-111.033 248-248S392.967 8 256 8zm0 168c-44.183 0-80 35.817-80 80s35.817 80 80 80 80-35.817 80-80-35.817-80-80-80z\"><\/path><\/svg><\/div><div class=\"wpr-story-info \"><div class=\"wpr-timeline-content-wrapper\"><div class=\"wpr-title-wrap\"><span class=\"wpr-title\">2007<\/span><\/div><div class=\"wpr-description\"><h6><strong>Publication of the 1st edition of the Ortocl\u00ednica magazine.<\/strong><\/h6><p>Presidente da SPO: Dr. Francisco Jos\u00e9 Pinheiro Freitas<br>Presidente do congresso: Dr. Francisco Jos\u00e9 Pinheiro Freitas<\/p><\/div><\/div><\/div><\/div><div class=\"swiper-slide swiper-slide-line-bottom no elementor-repeater-item-5a5273a\"><div class=\"wpr-extra-label\" ><span class=\"wpr-label\" >15th SPO Congress<\/span><span class=\"wpr-sub-label\" >Portalegre<\/span><\/div><div class=\"wpr-main-line-icon wpr-icon\"><svg aria-hidden=\"true\" class=\"e-font-icon-svg e-far-dot-circle\" viewBox=\"0 0 512 512\" xmlns=\"http:\/\/www.w3.org\/2000\/svg\"><path d=\"M256 56c110.532 0 200 89.451 200 200 0 110.532-89.451 200-200 200-110.532 0-200-89.451-200-200 0-110.532 89.451-200 200-200m0-48C119.033 8 8 119.033 8 256s111.033 248 248 248 248-111.033 248-248S392.967 8 256 8zm0 168c-44.183 0-80 35.817-80 80s35.817 80 80 80 80-35.817 80-80-35.817-80-80-80z\"><\/path><\/svg><\/div><div class=\"wpr-story-info \"><div class=\"wpr-timeline-content-wrapper\"><div class=\"wpr-title-wrap\"><span class=\"wpr-title\">2008<\/span><\/div><div class=\"wpr-description\"><p>Presidente da SPO: Dr. Francisco Jos\u00e9 Pinheiro Freitas<br>Presidente do congresso: Dr. Martinho Pinheiro<\/p><\/div><\/div><\/div><\/div><div class=\"swiper-slide swiper-slide-line-bottom no elementor-repeater-item-70a271b\"><div class=\"wpr-extra-label\" ><span class=\"wpr-label\" >16th SPO Congress<\/span><span class=\"wpr-sub-label\" >Lisbon<\/span><\/div><div class=\"wpr-main-line-icon wpr-icon\"><svg aria-hidden=\"true\" class=\"e-font-icon-svg e-far-dot-circle\" viewBox=\"0 0 512 512\" xmlns=\"http:\/\/www.w3.org\/2000\/svg\"><path d=\"M256 56c110.532 0 200 89.451 200 200 0 110.532-89.451 200-200 200-110.532 0-200-89.451-200-200 0-110.532 89.451-200 200-200m0-48C119.033 8 8 119.033 8 256s111.033 248 248 248 248-111.033 248-248S392.967 8 256 8zm0 168c-44.183 0-80 35.817-80 80s35.817 80 80 80 80-35.817 80-80-35.817-80-80-80z\"><\/path><\/svg><\/div><div class=\"wpr-story-info \"><div class=\"wpr-timeline-content-wrapper\"><div class=\"wpr-title-wrap\"><span class=\"wpr-title\">2009<\/span><\/div><div class=\"wpr-description\"><p>Presidente da SPO: Dr. Francisco Jos\u00e9 Pinheiro Freitas<br>Presidente do congresso: Dr. Jo\u00e3o Manuel Lopes da Fonseca<\/p><\/div><\/div><\/div><\/div><\/div>\n\t\t\t<!-- Add Pagination -->        \n\t\t\t<div class=\"wpr-swiper-pagination\"><\/div>\n\t\t\t<!-- Add Arrows -->\n\t\t\t<div class=\"wpr-button-prev wpr-timeline-prev-arrow wpr-timeline-prev-d3cf5c9\">\n\t\t\t\t<i class=\"fas fa-angle-left\"><\/i>\n\t\t\t<\/div>\n\t\t\t<div class=\"wpr-button-next wpr-timeline-next-arrow wpr-timeline-next-d3cf5c9\">\n\t\t\t\t<i class=\"fas fa-angle-left\"><\/i>\n\t\t\t<\/div>\n\t\t<\/div><\/div>\t\t\t\t<\/div>\n\t\t\t\t<\/div>\n\t\t\t\t<\/div>\n\t\t<div id=\"e-n-tab-content-1119340853\" role=\"tabpanel\" aria-labelledby=\"e-n-tab-title-1119340853\" data-tab-index=\"3\" style=\"--n-tabs-title-order: 3;\" class=\" elementor-element elementor-element-e5addf2 e-con-full e-flex e-con e-child\" data-id=\"e5addf2\" data-element_type=\"container\" data-e-type=\"container\">\n\t\t\t\t<div class=\"elementor-element elementor-element-d56a49c wpr-list-style-none elementor-widget elementor-widget-wpr-posts-timeline\" data-id=\"d56a49c\" data-element_type=\"widget\" data-e-type=\"widget\" data-settings=\"{&quot;swiper_delay&quot;:1000,&quot;swiper_speed&quot;:5000}\" data-widget_type=\"wpr-posts-timeline.default\">\n\t\t\t\t<div class=\"elementor-widget-container\">\n\t\t\t\t\t<div class=\"wpr-timeline-outer-container\"><div class=\"wpr-wrapper swiper wpr-horizontal-bottom\" dir=\"\" data-slidestoshow = \"3\" data-autoplay=\"yes\" data-loop=\"\" data-swiper-speed=\"5000\" data-swiper-delay=\"1000\" data-swiper-poh=\"yes\" data-swiper-space-between=\"5\"><div class=\"swiper-wrapper wpr-horizontal-bottom-timeline\"><div class=\"swiper-slide swiper-slide-line-top no elementor-repeater-item-c677013\"><div class=\"wpr-extra-label\" ><span class=\"wpr-label\" >17th SPO Congress<\/span><span class=\"wpr-sub-label\" >Porto<\/span><\/div><div class=\"wpr-main-line-icon wpr-icon\"><svg aria-hidden=\"true\" class=\"e-font-icon-svg e-far-dot-circle\" viewBox=\"0 0 512 512\" xmlns=\"http:\/\/www.w3.org\/2000\/svg\"><path d=\"M256 56c110.532 0 200 89.451 200 200 0 110.532-89.451 200-200 200-110.532 0-200-89.451-200-200 0-110.532 89.451-200 200-200m0-48C119.033 8 8 119.033 8 256s111.033 248 248 248 248-111.033 248-248S392.967 8 256 8zm0 168c-44.183 0-80 35.817-80 80s35.817 80 80 80 80-35.817 80-80-35.817-80-80-80z\"><\/path><\/svg><\/div><div class=\"wpr-story-info \"><div class=\"wpr-timeline-content-wrapper\"><div class=\"wpr-title-wrap\"><span class=\"wpr-title\">2010<\/span><\/div><div class=\"wpr-description\"><p>Presidente da SPO: Dr. Francisco Jos\u00e9 Pinheiro Freitas<br>Presidente do congresso: Prof. Dr. Rui Manuel Sim\u00f5es Pinto<\/p><\/div><\/div><\/div><\/div><div class=\"swiper-slide swiper-slide-line-top no elementor-repeater-item-31e1614\"><div class=\"wpr-extra-label\" ><span class=\"wpr-label\" >18th SPO Congress<\/span><span class=\"wpr-sub-label\" >Ponta Delgada<\/span><\/div><div class=\"wpr-main-line-icon wpr-icon\"><svg aria-hidden=\"true\" class=\"e-font-icon-svg e-far-dot-circle\" viewBox=\"0 0 512 512\" xmlns=\"http:\/\/www.w3.org\/2000\/svg\"><path d=\"M256 56c110.532 0 200 89.451 200 200 0 110.532-89.451 200-200 200-110.532 0-200-89.451-200-200 0-110.532 89.451-200 200-200m0-48C119.033 8 8 119.033 8 256s111.033 248 248 248 248-111.033 248-248S392.967 8 256 8zm0 168c-44.183 0-80 35.817-80 80s35.817 80 80 80 80-35.817 80-80-35.817-80-80-80z\"><\/path><\/svg><\/div><div class=\"wpr-story-info \"><div class=\"wpr-timeline-content-wrapper\"><div class=\"wpr-title-wrap\"><span class=\"wpr-title\">2011<\/span><\/div><div class=\"wpr-description\"><p>Presidente da SPO: Prof. Dr. Rui Manuel Sim\u00f5es Pinto<br>Presidente do congresso: Dr.\u00aa Carla Sofia Quaresma<\/p><\/div><\/div><\/div><\/div><div class=\"swiper-slide swiper-slide-line-top no elementor-repeater-item-b79555e\"><div class=\"wpr-extra-label\" ><span class=\"wpr-label\" >19th SPO Congress<\/span><span class=\"wpr-sub-label\" >Lisbon<\/span><\/div><div class=\"wpr-main-line-icon wpr-icon\"><svg aria-hidden=\"true\" class=\"e-font-icon-svg e-far-dot-circle\" viewBox=\"0 0 512 512\" xmlns=\"http:\/\/www.w3.org\/2000\/svg\"><path d=\"M256 56c110.532 0 200 89.451 200 200 0 110.532-89.451 200-200 200-110.532 0-200-89.451-200-200 0-110.532 89.451-200 200-200m0-48C119.033 8 8 119.033 8 256s111.033 248 248 248 248-111.033 248-248S392.967 8 256 8zm0 168c-44.183 0-80 35.817-80 80s35.817 80 80 80 80-35.817 80-80-35.817-80-80-80z\"><\/path><\/svg><\/div><div class=\"wpr-story-info \"><div class=\"wpr-timeline-content-wrapper\"><div class=\"wpr-title-wrap\"><span class=\"wpr-title\">2012<\/span><\/div><div class=\"wpr-description\"><p>Presidente da SPO: Prof. Dr. Rui Manuel Sim\u00f5es Pinto<br>Presidente do congresso: Dr.\u00aa Teresa Alonso<\/p><\/div><\/div><\/div><\/div><div class=\"swiper-slide swiper-slide-line-top no elementor-repeater-item-35de686\"><div class=\"wpr-extra-label\" ><span class=\"wpr-label\" >20th SPO Congress<\/span><span class=\"wpr-sub-label\" >Coimbra<\/span><\/div><div class=\"wpr-main-line-icon wpr-icon\"><svg aria-hidden=\"true\" class=\"e-font-icon-svg e-far-dot-circle\" viewBox=\"0 0 512 512\" xmlns=\"http:\/\/www.w3.org\/2000\/svg\"><path d=\"M256 56c110.532 0 200 89.451 200 200 0 110.532-89.451 200-200 200-110.532 0-200-89.451-200-200 0-110.532 89.451-200 200-200m0-48C119.033 8 8 119.033 8 256s111.033 248 248 248 248-111.033 248-248S392.967 8 256 8zm0 168c-44.183 0-80 35.817-80 80s35.817 80 80 80 80-35.817 80-80-35.817-80-80-80z\"><\/path><\/svg><\/div><div class=\"wpr-story-info \"><div class=\"wpr-timeline-content-wrapper\"><div class=\"wpr-title-wrap\"><span class=\"wpr-title\">2013<\/span><\/div><div class=\"wpr-description\"><p>Presidente da SPO: Prof. Dr. Rui Manuel Sim\u00f5es Pinto<br>Presidente do congresso: Prof. Dr. Manuel Marques Ferreira<\/p><\/div><\/div><\/div><\/div><div class=\"swiper-slide swiper-slide-line-top no elementor-repeater-item-18f2d93\"><div class=\"wpr-extra-label\" ><span class=\"wpr-label\" >21st SPO Congress<\/span><span class=\"wpr-sub-label\" >Braga<\/span><\/div><div class=\"wpr-main-line-icon wpr-icon\"><svg aria-hidden=\"true\" class=\"e-font-icon-svg e-far-dot-circle\" viewBox=\"0 0 512 512\" xmlns=\"http:\/\/www.w3.org\/2000\/svg\"><path d=\"M256 56c110.532 0 200 89.451 200 200 0 110.532-89.451 200-200 200-110.532 0-200-89.451-200-200 0-110.532 89.451-200 200-200m0-48C119.033 8 8 119.033 8 256s111.033 248 248 248 248-111.033 248-248S392.967 8 256 8zm0 168c-44.183 0-80 35.817-80 80s35.817 80 80 80 80-35.817 80-80-35.817-80-80-80z\"><\/path><\/svg><\/div><div class=\"wpr-story-info \"><div class=\"wpr-timeline-content-wrapper\"><div class=\"wpr-title-wrap\"><span class=\"wpr-title\">2014<\/span><\/div><div class=\"wpr-description\"><p>Presidente da SPO: Prof. Dr. Rui Manuel Sim\u00f5es Pinto<br>Presidente do congresso: Dr.\u00aa Marta Jorge<\/p><\/div><\/div><\/div><\/div><div class=\"swiper-slide swiper-slide-line-top no elementor-repeater-item-d9b4d1e\"><div class=\"wpr-extra-label\" ><span class=\"wpr-label\" >22nd SPO Congress<\/span><span class=\"wpr-sub-label\" >Lamego<\/span><\/div><div class=\"wpr-main-line-icon wpr-icon\"><svg aria-hidden=\"true\" class=\"e-font-icon-svg e-far-dot-circle\" viewBox=\"0 0 512 512\" xmlns=\"http:\/\/www.w3.org\/2000\/svg\"><path d=\"M256 56c110.532 0 200 89.451 200 200 0 110.532-89.451 200-200 200-110.532 0-200-89.451-200-200 0-110.532 89.451-200 200-200m0-48C119.033 8 8 119.033 8 256s111.033 248 248 248 248-111.033 248-248S392.967 8 256 8zm0 168c-44.183 0-80 35.817-80 80s35.817 80 80 80 80-35.817 80-80-35.817-80-80-80z\"><\/path><\/svg><\/div><div class=\"wpr-story-info \"><div class=\"wpr-timeline-content-wrapper\"><div class=\"wpr-title-wrap\"><span class=\"wpr-title\">2015<\/span><\/div><div class=\"wpr-description\"><p>Presidente da SPO: Dr. Jorge Paulino Silva Jo\u00e3o<br>Presidentes do congresso: Dr.\u00aa Ana Paula Guarniero e Dra. Elsa Arcanjo<\/p><\/div><\/div><\/div><\/div><div class=\"swiper-slide swiper-slide-line-top no elementor-repeater-item-03eeb38\"><div class=\"wpr-extra-label\" ><span class=\"wpr-label\" >23rd SPO Congress<\/span><span class=\"wpr-sub-label\" >Peniche<\/span><\/div><div class=\"wpr-main-line-icon wpr-icon\"><svg aria-hidden=\"true\" class=\"e-font-icon-svg e-far-dot-circle\" viewBox=\"0 0 512 512\" xmlns=\"http:\/\/www.w3.org\/2000\/svg\"><path d=\"M256 56c110.532 0 200 89.451 200 200 0 110.532-89.451 200-200 200-110.532 0-200-89.451-200-200 0-110.532 89.451-200 200-200m0-48C119.033 8 8 119.033 8 256s111.033 248 248 248 248-111.033 248-248S392.967 8 256 8zm0 168c-44.183 0-80 35.817-80 80s35.817 80 80 80 80-35.817 80-80-35.817-80-80-80z\"><\/path><\/svg><\/div><div class=\"wpr-story-info \"><div class=\"wpr-timeline-content-wrapper\"><div class=\"wpr-title-wrap\"><span class=\"wpr-title\">2016<\/span><\/div><div class=\"wpr-description\"><p>Presidente da SPO: Dr. Jorge Paulino Silva Jo\u00e3o<br>Presidentes do congresso: Dr.\u00aa Filomena Almeida e Dr. Jorge Jo\u00e3o<\/p><\/div><\/div><\/div><\/div><div class=\"swiper-slide swiper-slide-line-top no elementor-repeater-item-4be55a5\"><div class=\"wpr-extra-label\" ><span class=\"wpr-label\" >24th SPO Congress<\/span><span class=\"wpr-sub-label\" >Porto<\/span><\/div><div class=\"wpr-main-line-icon wpr-icon\"><svg aria-hidden=\"true\" class=\"e-font-icon-svg e-far-dot-circle\" viewBox=\"0 0 512 512\" xmlns=\"http:\/\/www.w3.org\/2000\/svg\"><path d=\"M256 56c110.532 0 200 89.451 200 200 0 110.532-89.451 200-200 200-110.532 0-200-89.451-200-200 0-110.532 89.451-200 200-200m0-48C119.033 8 8 119.033 8 256s111.033 248 248 248 248-111.033 248-248S392.967 8 256 8zm0 168c-44.183 0-80 35.817-80 80s35.817 80 80 80 80-35.817 80-80-35.817-80-80-80z\"><\/path><\/svg><\/div><div class=\"wpr-story-info \"><div class=\"wpr-timeline-content-wrapper\"><div class=\"wpr-title-wrap\"><span class=\"wpr-title\">2017<\/span><\/div><div class=\"wpr-description\"><p>Presidente da SPO: Dr. Jorge Paulino Silva Jo\u00e3o<br>Presidentes do congresso: Dr.\u00aa Liliana Amado e Dr. Roberto Costa Fernandes<\/p><\/div><\/div><\/div><\/div><div class=\"swiper-slide swiper-slide-line-top no elementor-repeater-item-9d4c418\"><div class=\"wpr-extra-label\" ><span class=\"wpr-label\" >25th SPO Congress<\/span><span class=\"wpr-sub-label\" >Porto<\/span><\/div><div class=\"wpr-main-line-icon wpr-icon\"><svg aria-hidden=\"true\" class=\"e-font-icon-svg e-far-dot-circle\" viewBox=\"0 0 512 512\" xmlns=\"http:\/\/www.w3.org\/2000\/svg\"><path d=\"M256 56c110.532 0 200 89.451 200 200 0 110.532-89.451 200-200 200-110.532 0-200-89.451-200-200 0-110.532 89.451-200 200-200m0-48C119.033 8 8 119.033 8 256s111.033 248 248 248 248-111.033 248-248S392.967 8 256 8zm0 168c-44.183 0-80 35.817-80 80s35.817 80 80 80 80-35.817 80-80-35.817-80-80-80z\"><\/path><\/svg><\/div><div class=\"wpr-story-info \"><div class=\"wpr-timeline-content-wrapper\"><div class=\"wpr-title-wrap\"><span class=\"wpr-title\">2018<\/span><\/div><div class=\"wpr-description\"><p>Presidente da SPO: Dr. Armando Dias da Silva<br>Presidentes do congresso: Dr.\u00aa Ana Paula Amorim Peres<\/p><\/div><\/div><\/div><\/div><div class=\"swiper-slide swiper-slide-line-top no elementor-repeater-item-b9865cd\"><div class=\"wpr-extra-label\" ><span class=\"wpr-label\" >26th SPO Congress<\/span><span class=\"wpr-sub-label\" >Braga<\/span><\/div><div class=\"wpr-main-line-icon wpr-icon\"><svg aria-hidden=\"true\" class=\"e-font-icon-svg e-far-dot-circle\" viewBox=\"0 0 512 512\" xmlns=\"http:\/\/www.w3.org\/2000\/svg\"><path d=\"M256 56c110.532 0 200 89.451 200 200 0 110.532-89.451 200-200 200-110.532 0-200-89.451-200-200 0-110.532 89.451-200 200-200m0-48C119.033 8 8 119.033 8 256s111.033 248 248 248 248-111.033 248-248S392.967 8 256 8zm0 168c-44.183 0-80 35.817-80 80s35.817 80 80 80 80-35.817 80-80-35.817-80-80-80z\"><\/path><\/svg><\/div><div class=\"wpr-story-info \"><div class=\"wpr-timeline-content-wrapper\"><div class=\"wpr-title-wrap\"><span class=\"wpr-title\">2019<\/span><\/div><div class=\"wpr-description\"><p>Presidente da SPO: Prof. Dr. Armando Dias da Silva<br>Presidentes do congresso: Dr.\u00aa \u00c1gata Carvalho<\/p><\/div><\/div><\/div><\/div><\/div>\n\t\t\t<!-- Add Pagination -->        \n\t\t\t<div class=\"wpr-swiper-pagination\"><\/div>\n\t\t\t<!-- Add Arrows -->\n\t\t\t<div class=\"wpr-button-prev wpr-timeline-prev-arrow wpr-timeline-prev-d56a49c\">\n\t\t\t\t<i class=\"fas fa-angle-left\"><\/i>\n\t\t\t<\/div>\n\t\t\t<div class=\"wpr-button-next wpr-timeline-next-arrow wpr-timeline-next-d56a49c\">\n\t\t\t\t<i class=\"fas fa-angle-left\"><\/i>\n\t\t\t<\/div>\n\t\t<\/div><\/div>\t\t\t\t<\/div>\n\t\t\t\t<\/div>\n\t\t\t\t<\/div>\n\t\t<div id=\"e-n-tab-content-1119340854\" role=\"tabpanel\" aria-labelledby=\"e-n-tab-title-1119340854\" data-tab-index=\"4\" style=\"--n-tabs-title-order: 4;\" class=\" elementor-element elementor-element-4dc648c e-con-full e-flex e-con e-child\" data-id=\"4dc648c\" data-element_type=\"container\" data-e-type=\"container\">\n\t\t\t\t<div class=\"elementor-element elementor-element-e47c483 wpr-list-style-none elementor-widget elementor-widget-wpr-posts-timeline\" data-id=\"e47c483\" data-element_type=\"widget\" data-e-type=\"widget\" data-settings=\"{&quot;swiper_delay&quot;:1000,&quot;swiper_speed&quot;:5000}\" data-widget_type=\"wpr-posts-timeline.default\">\n\t\t\t\t<div class=\"elementor-widget-container\">\n\t\t\t\t\t<div class=\"wpr-timeline-outer-container\"><div class=\"wpr-wrapper swiper wpr-horizontal-bottom\" dir=\"\" data-slidestoshow = \"3\" data-autoplay=\"yes\" data-loop=\"\" data-swiper-speed=\"5000\" data-swiper-delay=\"1000\" data-swiper-poh=\"yes\" data-swiper-space-between=\"5\"><div class=\"swiper-wrapper wpr-horizontal-bottom-timeline\"><div class=\"swiper-slide swiper-slide-line-top no elementor-repeater-item-c677013\"><div class=\"wpr-extra-label\" ><span class=\"wpr-label\" >COVID<\/span><\/div><div class=\"wpr-main-line-icon wpr-icon\"><svg aria-hidden=\"true\" class=\"e-font-icon-svg e-far-dot-circle\" viewBox=\"0 0 512 512\" xmlns=\"http:\/\/www.w3.org\/2000\/svg\"><path d=\"M256 56c110.532 0 200 89.451 200 200 0 110.532-89.451 200-200 200-110.532 0-200-89.451-200-200 0-110.532 89.451-200 200-200m0-48C119.033 8 8 119.033 8 256s111.033 248 248 248 248-111.033 248-248S392.967 8 256 8zm0 168c-44.183 0-80 35.817-80 80s35.817 80 80 80 80-35.817 80-80-35.817-80-80-80z\"><\/path><\/svg><\/div><div class=\"wpr-story-info \"><div class=\"wpr-timeline-content-wrapper\"><div class=\"wpr-title-wrap\"><span class=\"wpr-title\">2020<\/span><\/div><div class=\"wpr-description\"><p>Presidente da SPO: Professora Dra. Teresa Pinho<\/p><\/div><\/div><\/div><\/div><div class=\"swiper-slide swiper-slide-line-top no elementor-repeater-item-31e1614\"><div class=\"wpr-extra-label\" ><span class=\"wpr-label\" >27th SPO Congress<\/span><span class=\"wpr-sub-label\" >hybrid regime<\/span><\/div><div class=\"wpr-main-line-icon wpr-icon\"><svg aria-hidden=\"true\" class=\"e-font-icon-svg e-far-dot-circle\" viewBox=\"0 0 512 512\" xmlns=\"http:\/\/www.w3.org\/2000\/svg\"><path d=\"M256 56c110.532 0 200 89.451 200 200 0 110.532-89.451 200-200 200-110.532 0-200-89.451-200-200 0-110.532 89.451-200 200-200m0-48C119.033 8 8 119.033 8 256s111.033 248 248 248 248-111.033 248-248S392.967 8 256 8zm0 168c-44.183 0-80 35.817-80 80s35.817 80 80 80 80-35.817 80-80-35.817-80-80-80z\"><\/path><\/svg><\/div><div class=\"wpr-story-info \"><div class=\"wpr-timeline-content-wrapper\"><div class=\"wpr-title-wrap\"><span class=\"wpr-title\">2021<\/span><\/div><div class=\"wpr-description\"><p>Presidente da SPO: Prof. Dr.\u00aa Teresa Pinho<br>Presidente do congresso: Prof. Dr.\u00aa Primavera Sousa Santos<\/p><\/div><\/div><\/div><\/div><div class=\"swiper-slide swiper-slide-line-top no elementor-repeater-item-b79555e\"><div class=\"wpr-extra-label\" ><span class=\"wpr-label\" >28th SPO Congress<\/span><span class=\"wpr-sub-label\" >Porto<\/span><\/div><div class=\"wpr-main-line-icon wpr-icon\"><svg aria-hidden=\"true\" class=\"e-font-icon-svg e-far-dot-circle\" viewBox=\"0 0 512 512\" xmlns=\"http:\/\/www.w3.org\/2000\/svg\"><path d=\"M256 56c110.532 0 200 89.451 200 200 0 110.532-89.451 200-200 200-110.532 0-200-89.451-200-200 0-110.532 89.451-200 200-200m0-48C119.033 8 8 119.033 8 256s111.033 248 248 248 248-111.033 248-248S392.967 8 256 8zm0 168c-44.183 0-80 35.817-80 80s35.817 80 80 80 80-35.817 80-80-35.817-80-80-80z\"><\/path><\/svg><\/div><div class=\"wpr-story-info \"><div class=\"wpr-timeline-content-wrapper\"><div class=\"wpr-title-wrap\"><span class=\"wpr-title\">2022<\/span><\/div><div class=\"wpr-description\"><p>Presidente da SPO: Prof. Dr.\u00aa Teresa Pinho<br>Presidente do congresso: Prof. Dr.\u00aa Teresa Pinho<\/p><\/div><\/div><\/div><\/div><div class=\"swiper-slide swiper-slide-line-top no elementor-repeater-item-d6e5b77\"><div class=\"wpr-extra-label\" ><span class=\"wpr-label\" >29th SPO Congress<\/span><span class=\"wpr-sub-label\" >Lisbon<\/span><\/div><div class=\"wpr-main-line-icon wpr-icon\"><svg aria-hidden=\"true\" class=\"e-font-icon-svg e-far-dot-circle\" viewBox=\"0 0 512 512\" xmlns=\"http:\/\/www.w3.org\/2000\/svg\"><path d=\"M256 56c110.532 0 200 89.451 200 200 0 110.532-89.451 200-200 200-110.532 0-200-89.451-200-200 0-110.532 89.451-200 200-200m0-48C119.033 8 8 119.033 8 256s111.033 248 248 248 248-111.033 248-248S392.967 8 256 8zm0 168c-44.183 0-80 35.817-80 80s35.817 80 80 80 80-35.817 80-80-35.817-80-80-80z\"><\/path><\/svg><\/div><div class=\"wpr-story-info \"><div class=\"wpr-timeline-content-wrapper\"><div class=\"wpr-title-wrap\"><span class=\"wpr-title\">2023<\/span><\/div><div class=\"wpr-description\"><p>Presidente da SPO: Prof. Dr. \u00aa Helena Agostinho<br>Presidente do congresso: Dr.\u00aa Maria Cristina de Faria Teixeira<\/p><\/div><\/div><\/div><\/div><div class=\"swiper-slide swiper-slide-line-top no elementor-repeater-item-3cd5bb1\"><div class=\"wpr-extra-label\" ><span class=\"wpr-label\" >30\u00ba Congresso SPO<\/span><span class=\"wpr-sub-label\" >Porto<\/span><\/div><div class=\"wpr-main-line-icon wpr-icon\"><svg aria-hidden=\"true\" class=\"e-font-icon-svg e-far-dot-circle\" viewBox=\"0 0 512 512\" xmlns=\"http:\/\/www.w3.org\/2000\/svg\"><path d=\"M256 56c110.532 0 200 89.451 200 200 0 110.532-89.451 200-200 200-110.532 0-200-89.451-200-200 0-110.532 89.451-200 200-200m0-48C119.033 8 8 119.033 8 256s111.033 248 248 248 248-111.033 248-248S392.967 8 256 8zm0 168c-44.183 0-80 35.817-80 80s35.817 80 80 80 80-35.817 80-80-35.817-80-80-80z\"><\/path><\/svg><\/div><div class=\"wpr-story-info \"><div class=\"wpr-timeline-content-wrapper\"><div class=\"wpr-title-wrap\"><span class=\"wpr-title\">2024<\/span><\/div><div class=\"wpr-description\"><p>Presidente da SPO: Prof. Dr. \u00aa Helena Agostinho<br>Presidente do Congresso: Dr. Carlos Coelho<\/p><\/div><\/div><\/div><\/div><div class=\"swiper-slide swiper-slide-line-top no elementor-repeater-item-7bcfdda\"><div class=\"wpr-extra-label\" ><span class=\"wpr-label\" >31\u00ba Congresso SPO<\/span><span class=\"wpr-sub-label\" >Aveiro<\/span><\/div><div class=\"wpr-main-line-icon wpr-icon\"><svg aria-hidden=\"true\" class=\"e-font-icon-svg e-far-dot-circle\" viewBox=\"0 0 512 512\" xmlns=\"http:\/\/www.w3.org\/2000\/svg\"><path d=\"M256 56c110.532 0 200 89.451 200 200 0 110.532-89.451 200-200 200-110.532 0-200-89.451-200-200 0-110.532 89.451-200 200-200m0-48C119.033 8 8 119.033 8 256s111.033 248 248 248 248-111.033 248-248S392.967 8 256 8zm0 168c-44.183 0-80 35.817-80 80s35.817 80 80 80 80-35.817 80-80-35.817-80-80-80z\"><\/path><\/svg><\/div><div class=\"wpr-story-info \"><div class=\"wpr-timeline-content-wrapper\"><div class=\"wpr-title-wrap\"><span class=\"wpr-title\">2025<\/span><\/div><div class=\"wpr-description\"><p>Presidente da SPO: Dr.\u00aa Primavera Sousa Santos<br>Presidente do Congresso: Dr. \u00aa Ana Malaquias Valente<\/p><\/div><\/div><\/div><\/div><\/div>\n\t\t\t<!-- Add Pagination -->        \n\t\t\t<div class=\"wpr-swiper-pagination\"><\/div>\n\t\t\t<!-- Add Arrows -->\n\t\t\t<div class=\"wpr-button-prev wpr-timeline-prev-arrow wpr-timeline-prev-e47c483\">\n\t\t\t\t<i class=\"fas fa-angle-left\"><\/i>\n\t\t\t<\/div>\n\t\t\t<div class=\"wpr-button-next wpr-timeline-next-arrow wpr-timeline-next-e47c483\">\n\t\t\t\t<i class=\"fas fa-angle-left\"><\/i>\n\t\t\t<\/div>\n\t\t<\/div><\/div>\t\t\t\t<\/div>\n\t\t\t\t<\/div>\n\t\t\t\t<\/div>\n\t\t\t\t\t<\/div>\n\t\t<\/div>\n\t\t\t\t\t\t<\/div>\n\t\t\t\t<\/div>\n\t\t\t\t<\/div>\n\t\t\t\t\t<\/div>\n\t\t\t\t<\/div>\n\t\t<div class=\"elementor-element elementor-element-9d44cda e-flex e-con-boxed e-con e-parent\" data-id=\"9d44cda\" data-element_type=\"container\" data-e-type=\"container\" data-settings=\"{&quot;background_background&quot;:&quot;gradient&quot;,&quot;shape_divider_top&quot;:&quot;waves&quot;}\">\n\t\t\t\t\t<div class=\"e-con-inner\">\n\t\t\t\t<div class=\"elementor-shape elementor-shape-top\" aria-hidden=\"true\" data-negative=\"false\">\n\t\t\t<svg xmlns=\"http:\/\/www.w3.org\/2000\/svg\" viewBox=\"0 0 1000 100\" preserveAspectRatio=\"none\">\n\t<path class=\"elementor-shape-fill\" d=\"M421.9,6.5c22.6-2.5,51.5,0.4,75.5,5.3c23.6,4.9,70.9,23.5,100.5,35.7c75.8,32.2,133.7,44.5,192.6,49.7\n\tc23.6,2.1,48.7,3.5,103.4-2.5c54.7-6,106.2-25.6,106.2-25.6V0H0v30.3c0,0,72,32.6,158.4,30.5c39.2-0.7,92.8-6.7,134-22.4\n\tc21.2-8.1,52.2-18.2,79.7-24.2C399.3,7.9,411.6,7.5,421.9,6.5z\"\/>\n<\/svg>\t\t<\/div>\n\t\t<div class=\"elementor-element elementor-element-7698662 e-con-full e-flex e-con e-child\" data-id=\"7698662\" data-element_type=\"container\" data-e-type=\"container\">\n\t\t\t\t<div class=\"elementor-element elementor-element-bd2914a elementor-widget elementor-widget-heading\" data-id=\"bd2914a\" data-element_type=\"widget\" data-e-type=\"widget\" data-widget_type=\"heading.default\">\n\t\t\t\t<div class=\"elementor-widget-container\">\n\t\t\t\t\t<h4 class=\"elementor-heading-title elementor-size-default\">Would you like more information?<\/h4>\t\t\t\t<\/div>\n\t\t\t\t<\/div>\n\t\t\t\t<div class=\"elementor-element elementor-element-02aebd9 elementor-widget elementor-widget-heading\" data-id=\"02aebd9\" data-element_type=\"widget\" data-e-type=\"widget\" data-widget_type=\"heading.default\">\n\t\t\t\t<div class=\"elementor-widget-container\">\n\t\t\t\t\t<h2 class=\"elementor-heading-title elementor-size-default\">Contact us. <br>We'd love to talk to you.<\/h2>\t\t\t\t<\/div>\n\t\t\t\t<\/div>\n\t\t\t\t<div class=\"elementor-element elementor-element-9359fe5 elementor-mobile-align-center elementor-widget elementor-widget-button\" data-id=\"9359fe5\" data-element_type=\"widget\" data-e-type=\"widget\" data-widget_type=\"button.default\">\n\t\t\t\t<div class=\"elementor-widget-container\">\n\t\t\t\t\t\t\t\t\t<div class=\"elementor-button-wrapper\">\n\t\t\t\t\t<a class=\"elementor-button elementor-button-link elementor-size-md\" href=\"https:\/\/sportodontia.pt\/V2\/contactos\/\">\n\t\t\t\t\t\t<span class=\"elementor-button-content-wrapper\">\n\t\t\t\t\t\t<span class=\"elementor-button-icon\">\n\t\t\t\t<svg aria-hidden=\"true\" class=\"e-font-icon-svg e-fas-arrow-right\" viewBox=\"0 0 448 512\" xmlns=\"http:\/\/www.w3.org\/2000\/svg\"><path d=\"M190.5 66.9l22.2-22.2c9.4-9.4 24.6-9.4 33.9 0L441 239c9.4 9.4 9.4 24.6 0 33.9L246.6 467.3c-9.4 9.4-24.6 9.4-33.9 0l-22.2-22.2c-9.5-9.5-9.3-25 .4-34.3L311.4 296H24c-13.3 0-24-10.7-24-24v-32c0-13.3 10.7-24 24-24h287.4L190.9 101.2c-9.8-9.3-10-24.8-.4-34.3z\"><\/path><\/svg>\t\t\t<\/span>\n\t\t\t\t\t\t\t\t\t<span class=\"elementor-button-text\">Contact<\/span>\n\t\t\t\t\t<\/span>\n\t\t\t\t\t<\/a>\n\t\t\t\t<\/div>\n\t\t\t\t\t\t\t\t<\/div>\n\t\t\t\t<\/div>\n\t\t\t\t<\/div>\n\t\t<div class=\"elementor-element elementor-element-468d13a e-con-full e-flex e-con e-child\" data-id=\"468d13a\" data-element_type=\"container\" data-e-type=\"container\">\n\t\t\t\t<div class=\"elementor-element elementor-element-f3fdb64 elementor-widget elementor-widget-image\" data-id=\"f3fdb64\" data-element_type=\"widget\" data-e-type=\"widget\" data-settings=\"{&quot;motion_fx_motion_fx_scrolling&quot;:&quot;yes&quot;,&quot;motion_fx_translateY_effect&quot;:&quot;yes&quot;,&quot;motion_fx_translateY_direction&quot;:&quot;negative&quot;,&quot;motion_fx_translateY_speed&quot;:{&quot;unit&quot;:&quot;px&quot;,&quot;size&quot;:&quot;1&quot;,&quot;sizes&quot;:[]},&quot;motion_fx_devices&quot;:[&quot;desktop&quot;,&quot;tablet&quot;],&quot;motion_fx_translateY_affectedRange&quot;:{&quot;unit&quot;:&quot;%&quot;,&quot;size&quot;:&quot;&quot;,&quot;sizes&quot;:{&quot;start&quot;:&quot;0&quot;,&quot;end&quot;:&quot;50&quot;}}}\" data-widget_type=\"image.default\">\n\t\t\t\t<div class=\"elementor-widget-container\">\n\t\t\t\t\t\t\t\t\t\t\t\t\t\t\t<img fetchpriority=\"high\" decoding=\"async\" width=\"960\" height=\"640\" src=\"https:\/\/www.sportodontia.pt\/wp-content\/uploads\/2023\/03\/informacoes.jpg\" class=\"attachment-full size-full wp-image-19684\" alt=\"\" srcset=\"https:\/\/www.sportodontia.pt\/wp-content\/uploads\/2023\/03\/informacoes.jpg 960w, https:\/\/www.sportodontia.pt\/wp-content\/uploads\/2023\/03\/informacoes-300x200.jpg 300w, https:\/\/www.sportodontia.pt\/wp-content\/uploads\/2023\/03\/informacoes-600x400.jpg 600w, https:\/\/www.sportodontia.pt\/wp-content\/uploads\/2023\/03\/informacoes-768x512.jpg 768w\" sizes=\"(max-width: 960px) 100vw, 960px\" \/>\t\t\t\t\t\t\t\t\t\t\t\t\t\t\t<\/div>\n\t\t\t\t<\/div>\n\t\t\t\t<\/div>\n\t\t\t\t\t<\/div>\n\t\t\t\t<\/div>\n\t\t\t\t<\/div>\n\t\t","protected":false},"excerpt":{"rendered":"<p>The Portuguese Orthodontic Society The Portuguese Orthodontic Society is a medical association dedicated to the study and research of orthodontics. The History of the SPO In the early 1990s, a group of dentists and stomatologists, eager to acquire new knowledge in the field of orthodontic sciences, decided to organize a study group following a course taught by Professor Dr. Hugo Trevisi. Thus, in September 1992, at a meeting held at the Hotel Zurich in Lisbon, the first statutes of the Organizing Committee of the Portuguese Straight-Wire Foundation Group were presented. This group included Dr. Miguel N\u00f3brega, Dr. Martin Pine, Dr. S\u00e9rgio Gon\u00e7alves, Dr. Carlos Mota, Dr. Joaquim Morgado, Dr. Faria, Dr. Jos\u00e9 Carlos Fernandes, Dr. \u00c1lvaro Moreira, Dr. Carlos Pinto, Dr. Falc\u00e3o, Dr. Luis Pinto, Dr. Alfeu, Dr. Silvestre Agostinho, Dr. Jorge Catarino, Dr. Nuno Lopes, among others. In July 1993, at a meeting held at the Hotel D. In\u00eas in Coimbra, it was decided to found the Portuguese Society of Straight-Wire Orthodontics.&nbsp; The bylaws were drafted by Dr. Ilidio Santos, and the public deed was executed on March 1, 1995. The Installation Committee was defined, composed of colleagues Ilidio Santos, Francisco Freitas, Rui Domingues, Joaquim Morgado and Jos\u00e9 Carlos Pereira.&nbsp; After its founding, new colleagues joined the society, and the organization of the first training events and the first congress of the Portuguese Orthodontic Society began. Once again, Coimbra had the privilege of hosting this congress, which took place on December 16th and 17th, 1995, at the Hotel D. Luis. The organization was handled by Dr. Manoel Marques Ferreira and Dr. Carlos Mota, who made efforts to gather colleagues to present their clinical cases. Dr. Hugo Trevisi was also invited to the event, and in addition to his presentation, he attentively listened to the lectures of his colleagues from the Portuguese Society of Orthodontics, with the pride of a master. Portuguese Society of Orthodontics: past, present and future&#8230; From that time on, the Society never stopped, seeking to organize scientific sessions and congresses, promoting scientific work and publications, always trying to give prestige and dignity to Orthodontics, with the maxim that knowledge belongs to everyone and is for everyone. Confident that these events would constitute important milestones in consolidating and affirming an area of \u200b\u200bDentistry that needs support and synergy from institutions whose mission is to defend ethics, professional conduct, and the qualifications of their members, while respecting patients&#8217; right to qualified dental care, various events have been held over the years in different locations across the country, attempting to bring to all colleagues the most modern and innovative practices from Portugal and abroad. From this perspective, the SPO (Portuguese Society of Orthodontics) has been concerned with having a panel of speakers and trainers at its annual Congress with the highest quality and prestige at the national and international level, with extensive clinical and academic experience and a vast contribution to studies and publications in the most relevant scientific journals of Orthodontics. Years pass and the work remains. Men come and go, but institutions endure.We want the Portuguese Orthodontic Society to continue growing and contributing to the technical\/scientific training of Dentists\/Stomatologists, within a healthy environment, and for colleagues to embrace this journey in order to do more and better, for the benefit of Orthodontics, Dentistry and the oral health of the Portuguese people. The 90s The 2000s Years 2010 2020 1992 Presentation of the first statutes of the SPO (at the time the Portuguese Straight-Wire Orthodontics Foundation) Foundation of the SPOCoimbra1993 The founding of the SPO took place at a meeting held at the Hotel D. In\u00eas in Coimbra. 1st SPO CongressPorto1994 SPO President: Dr. Joaquim MorgadoCongress President: Dr. \u00c1lvaro Moreira 2nd SPO CongressCoimbra1995 Presidente da SPO: Dr. Joaquim MorgadoPresidente do congresso: Dr. Carlos Mota e Dr. Manuel Marques Ferreira 3rd SPO CongressCastelo de Vide1996 Presidente da SPO: Dr. Joaquim MorgadoPresidente do congresso: Dr. Martinho Pinheiro 4th SPO CongressAveiro1997 Presidente da SPO: Dr. Joaquim MorgadoPresidente do congresso: Dr.\u00aa Ana Paula Ferreira 5th SPO CongressPorto1998 Presidente da SPO: Dr. Carlos MotaPresidente do congresso: Dr. Carlos Mota 6th SPO CongressVimeiro1999 Presidente da SPO: Dr. Carlos MotaPresidente do congresso: Dr. Carlos Mota e Dr. Manuel Marques Ferreira 7th SPO CongressP\u00f3voa de Varzim2000 Presidente da SPO: Dr. Martinho PinheiroPresidente do congresso: Dr\u00aa Isabel Augusto e Dr\u00aa Cl\u00e1udia Machado 8th SPO CongressMadeira2001 Presidente da SPO: Dr. Martinho PinheiroPresidente do congresso: Dr. Miguel da N\u00f3brega 9th SPO CongressFigueira da Foz2002 Presidente da SPO: Dr. Martinho Pinheiro Presidente do congresso: Dr. S\u00e9rgio Gon\u00e7alves 10th SPO CongressEstoril2003 Presidente da SPO: Dr. Miguel da N\u00f3bregaPresidente do congresso: Dr.\u00aa Anabela Pereira e Dr.\u00aa Luciana Coutinho 11th SPO CongressEspinho2004 Presidente da SPO: Dr. Miguel da N\u00f3bregaPresidente do congresso: Dra. Teresa Pinho 12th SPO CongressBraga2005 Presidente da SPO: Dr. Miguel da N\u00f3bregaPresidente do congresso: Dr. Carlos S\u00e1 da Costa 13th SPO CongressViseu2006 Presidente da SPO: Dr. Miguel da N\u00f3bregaPresidente do congresso: Dr. Miguel Gon\u00e7alves 14th SPO CongressSanto Tirso2007 Publication of the 1st edition of the Ortocl\u00ednica magazine. Presidente da SPO: Dr. Francisco Jos\u00e9 Pinheiro FreitasPresidente do congresso: Dr. Francisco Jos\u00e9 Pinheiro Freitas 15th SPO CongressPortalegre2008 Presidente da SPO: Dr. Francisco Jos\u00e9 Pinheiro FreitasPresidente do congresso: Dr. Martinho Pinheiro 16th SPO CongressLisbon2009 Presidente da SPO: Dr. Francisco Jos\u00e9 Pinheiro FreitasPresidente do congresso: Dr. Jo\u00e3o Manuel Lopes da Fonseca 17th SPO CongressPorto2010 Presidente da SPO: Dr. Francisco Jos\u00e9 Pinheiro FreitasPresidente do congresso: Prof. Dr. Rui Manuel Sim\u00f5es Pinto 18th SPO CongressPonta Delgada2011 Presidente da SPO: Prof. Dr. Rui Manuel Sim\u00f5es PintoPresidente do congresso: Dr.\u00aa Carla Sofia Quaresma 19th SPO CongressLisbon2012 Presidente da SPO: Prof. Dr. Rui Manuel Sim\u00f5es PintoPresidente do congresso: Dr.\u00aa Teresa Alonso 20th SPO CongressCoimbra2013 Presidente da SPO: Prof. Dr. Rui Manuel Sim\u00f5es PintoPresidente do congresso: Prof. Dr. Manuel Marques Ferreira 21st SPO CongressBraga2014 Presidente da SPO: Prof. Dr. Rui Manuel Sim\u00f5es PintoPresidente do congresso: Dr.\u00aa Marta Jorge 22nd SPO CongressLamego2015 Presidente da SPO: Dr. Jorge Paulino Silva Jo\u00e3oPresidentes do congresso: Dr.\u00aa Ana Paula Guarniero e Dra. Elsa Arcanjo 23rd SPO CongressPeniche2016 Presidente da SPO: Dr. Jorge Paulino Silva Jo\u00e3oPresidentes<\/p>\n","protected":false},"author":148,"featured_media":19535,"parent":0,"menu_order":0,"comment_status":"closed","ping_status":"closed","template":"","meta":{"footnotes":""},"class_list":["post-21523","page","type-page","status-publish","has-post-thumbnail","hentry"],"yoast_head":"<!-- This site is optimized with the Yoast SEO plugin v27.5 - https:\/\/yoast.com\/product\/yoast-seo-wordpress\/ -->\n<title>About SPO - Portuguese Orthodontic Society<\/title>\n<meta name=\"description\" content=\"The Portuguese Orthodontic Society is a medical association dedicated to the study and research of orthodontics. Get to know its history.\" \/>\n<meta name=\"robots\" content=\"index, follow, max-snippet:-1, max-image-preview:large, max-video-preview:-1\" \/>\n<link rel=\"canonical\" href=\"https:\/\/www.sportodontia.pt\/en\/about-spo\/\" \/>\n<meta property=\"og:locale\" content=\"en_US\" \/>\n<meta property=\"og:type\" content=\"article\" \/>\n<meta property=\"og:title\" content=\"About the Portuguese Orthodontic Society\" \/>\n<meta property=\"og:description\" content=\"The Portuguese Orthodontic Society is a medical association dedicated to the study and research of orthodontics. Get to know its history.\" \/>\n<meta property=\"og:url\" content=\"https:\/\/www.sportodontia.pt\/en\/about-spo\/\" \/>\n<meta property=\"og:site_name\" content=\"SPO\" \/>\n<meta property=\"article:publisher\" content=\"https:\/\/www.facebook.com\/sportodontia\/\" \/>\n<meta property=\"article:modified_time\" content=\"2026-05-01T17:42:43+00:00\" \/>\n<meta property=\"og:image\" content=\"https:\/\/sportodontia.pt\/wp-content\/uploads\/2023\/03\/xxvi_congresso-43.jpg\" \/>\n<meta name=\"twitter:card\" content=\"summary_large_image\" \/>\n<meta name=\"twitter:title\" content=\"About the Portuguese Orthodontic Society\" \/>\n<meta name=\"twitter:description\" content=\"The Portuguese Orthodontic Society is a medical association dedicated to the study and research of orthodontics. Get to know its history.\" \/>\n<meta name=\"twitter:image\" content=\"https:\/\/sportodontia.pt\/wp-content\/uploads\/2023\/03\/xxvi_congresso-43.jpg\" \/>\n<meta name=\"twitter:label1\" content=\"Est. reading time\" \/>\n\t<meta name=\"twitter:data1\" content=\"9 minutes\" \/>\n<script type=\"application\/ld+json\" class=\"yoast-schema-graph\">{\"@context\":\"https:\\\/\\\/schema.org\",\"@graph\":[{\"@type\":\"WebPage\",\"@id\":\"https:\\\/\\\/www.sportodontia.pt\\\/en\\\/about-spo\\\/\",\"url\":\"https:\\\/\\\/www.sportodontia.pt\\\/en\\\/about-spo\\\/\",\"name\":\"About SPO - Portuguese Orthodontic Society\",\"isPartOf\":{\"@id\":\"https:\\\/\\\/www.sportodontia.pt\\\/#website\"},\"primaryImageOfPage\":{\"@id\":\"https:\\\/\\\/www.sportodontia.pt\\\/en\\\/about-spo\\\/#primaryimage\"},\"image\":{\"@id\":\"https:\\\/\\\/www.sportodontia.pt\\\/en\\\/about-spo\\\/#primaryimage\"},\"thumbnailUrl\":\"https:\\\/\\\/www.sportodontia.pt\\\/wp-content\\\/uploads\\\/2021\\\/04\\\/FB_IMG_1616986327931.jpg\",\"datePublished\":\"2023-03-07T17:33:17+00:00\",\"dateModified\":\"2026-05-01T17:42:43+00:00\",\"description\":\"The Portuguese Orthodontic Society is a medical association dedicated to the study and research of orthodontics. Get to know its history.\",\"breadcrumb\":{\"@id\":\"https:\\\/\\\/www.sportodontia.pt\\\/en\\\/about-spo\\\/#breadcrumb\"},\"inLanguage\":\"en-US\",\"potentialAction\":[{\"@type\":\"ReadAction\",\"target\":[\"https:\\\/\\\/www.sportodontia.pt\\\/en\\\/about-spo\\\/\"]}]},{\"@type\":\"ImageObject\",\"inLanguage\":\"en-US\",\"@id\":\"https:\\\/\\\/www.sportodontia.pt\\\/en\\\/about-spo\\\/#primaryimage\",\"url\":\"https:\\\/\\\/www.sportodontia.pt\\\/wp-content\\\/uploads\\\/2021\\\/04\\\/FB_IMG_1616986327931.jpg\",\"contentUrl\":\"https:\\\/\\\/www.sportodontia.pt\\\/wp-content\\\/uploads\\\/2021\\\/04\\\/FB_IMG_1616986327931.jpg\",\"width\":960,\"height\":640},{\"@type\":\"BreadcrumbList\",\"@id\":\"https:\\\/\\\/www.sportodontia.pt\\\/en\\\/about-spo\\\/#breadcrumb\",\"itemListElement\":[{\"@type\":\"ListItem\",\"position\":1,\"name\":\"In\u00edcio\",\"item\":\"https:\\\/\\\/www.sportodontia.pt\\\/en\\\/\"},{\"@type\":\"ListItem\",\"position\":2,\"name\":\"About SPO\"}]},{\"@type\":\"WebSite\",\"@id\":\"https:\\\/\\\/www.sportodontia.pt\\\/#website\",\"url\":\"https:\\\/\\\/www.sportodontia.pt\\\/\",\"name\":\"SPO\",\"description\":\"Sociedade Portuguesa de Ortodontia\",\"publisher\":{\"@id\":\"https:\\\/\\\/www.sportodontia.pt\\\/#organization\"},\"potentialAction\":[{\"@type\":\"SearchAction\",\"target\":{\"@type\":\"EntryPoint\",\"urlTemplate\":\"https:\\\/\\\/www.sportodontia.pt\\\/?s={search_term_string}\"},\"query-input\":{\"@type\":\"PropertyValueSpecification\",\"valueRequired\":true,\"valueName\":\"search_term_string\"}}],\"inLanguage\":\"en-US\"},{\"@type\":\"Organization\",\"@id\":\"https:\\\/\\\/www.sportodontia.pt\\\/#organization\",\"name\":\"Sociedade Portuguesa de Ortodontia\",\"url\":\"https:\\\/\\\/www.sportodontia.pt\\\/\",\"logo\":{\"@type\":\"ImageObject\",\"inLanguage\":\"en-US\",\"@id\":\"https:\\\/\\\/www.sportodontia.pt\\\/#\\\/schema\\\/logo\\\/image\\\/\",\"url\":\"https:\\\/\\\/sportodontia.pt\\\/V2\\\/wp-content\\\/uploads\\\/2021\\\/03\\\/cropped-LOGO_SPO_VERSAO_DUAS_CORES.png\",\"contentUrl\":\"https:\\\/\\\/sportodontia.pt\\\/V2\\\/wp-content\\\/uploads\\\/2021\\\/03\\\/cropped-LOGO_SPO_VERSAO_DUAS_CORES.png\",\"width\":505,\"height\":131,\"caption\":\"Sociedade Portuguesa de Ortodontia\"},\"image\":{\"@id\":\"https:\\\/\\\/www.sportodontia.pt\\\/#\\\/schema\\\/logo\\\/image\\\/\"},\"sameAs\":[\"https:\\\/\\\/www.facebook.com\\\/sportodontia\\\/\",\"https:\\\/\\\/www.instagram.com\\\/sportodontia\",\"https:\\\/\\\/www.linkedin.com\\\/company\\\/sportodontia\"]}]}<\/script>\n<!-- \/ Yoast SEO plugin. -->","yoast_head_json":{"title":"About SPO - Portuguese Orthodontic Society","description":"The Portuguese Orthodontic Society is a medical association dedicated to the study and research of orthodontics. Get to know its history.","robots":{"index":"index","follow":"follow","max-snippet":"max-snippet:-1","max-image-preview":"max-image-preview:large","max-video-preview":"max-video-preview:-1"},"canonical":"https:\/\/www.sportodontia.pt\/en\/about-spo\/","og_locale":"en_US","og_type":"article","og_title":"About the Portuguese Orthodontic Society","og_description":"The Portuguese Orthodontic Society is a medical association dedicated to the study and research of orthodontics. Get to know its history.","og_url":"https:\/\/www.sportodontia.pt\/en\/about-spo\/","og_site_name":"SPO","article_publisher":"https:\/\/www.facebook.com\/sportodontia\/","article_modified_time":"2026-05-01T17:42:43+00:00","og_image":[{"url":"https:\/\/sportodontia.pt\/wp-content\/uploads\/2023\/03\/xxvi_congresso-43.jpg","type":"","width":"","height":""}],"twitter_card":"summary_large_image","twitter_title":"About the Portuguese Orthodontic Society","twitter_description":"The Portuguese Orthodontic Society is a medical association dedicated to the study and research of orthodontics. Get to know its history.","twitter_image":"https:\/\/sportodontia.pt\/wp-content\/uploads\/2023\/03\/xxvi_congresso-43.jpg","twitter_misc":{"Est. reading time":"9 minutes"},"schema":{"@context":"https:\/\/schema.org","@graph":[{"@type":"WebPage","@id":"https:\/\/www.sportodontia.pt\/en\/about-spo\/","url":"https:\/\/www.sportodontia.pt\/en\/about-spo\/","name":"About SPO - Portuguese Orthodontic Society","isPartOf":{"@id":"https:\/\/www.sportodontia.pt\/#website"},"primaryImageOfPage":{"@id":"https:\/\/www.sportodontia.pt\/en\/about-spo\/#primaryimage"},"image":{"@id":"https:\/\/www.sportodontia.pt\/en\/about-spo\/#primaryimage"},"thumbnailUrl":"https:\/\/www.sportodontia.pt\/wp-content\/uploads\/2021\/04\/FB_IMG_1616986327931.jpg","datePublished":"2023-03-07T17:33:17+00:00","dateModified":"2026-05-01T17:42:43+00:00","description":"The Portuguese Orthodontic Society is a medical association dedicated to the study and research of orthodontics. Get to know its history.","breadcrumb":{"@id":"https:\/\/www.sportodontia.pt\/en\/about-spo\/#breadcrumb"},"inLanguage":"en-US","potentialAction":[{"@type":"ReadAction","target":["https:\/\/www.sportodontia.pt\/en\/about-spo\/"]}]},{"@type":"ImageObject","inLanguage":"en-US","@id":"https:\/\/www.sportodontia.pt\/en\/about-spo\/#primaryimage","url":"https:\/\/www.sportodontia.pt\/wp-content\/uploads\/2021\/04\/FB_IMG_1616986327931.jpg","contentUrl":"https:\/\/www.sportodontia.pt\/wp-content\/uploads\/2021\/04\/FB_IMG_1616986327931.jpg","width":960,"height":640},{"@type":"BreadcrumbList","@id":"https:\/\/www.sportodontia.pt\/en\/about-spo\/#breadcrumb","itemListElement":[{"@type":"ListItem","position":1,"name":"In\u00edcio","item":"https:\/\/www.sportodontia.pt\/en\/"},{"@type":"ListItem","position":2,"name":"About SPO"}]},{"@type":"WebSite","@id":"https:\/\/www.sportodontia.pt\/#website","url":"https:\/\/www.sportodontia.pt\/","name":"SPO","description":"Sociedade Portuguesa de Ortodontia","publisher":{"@id":"https:\/\/www.sportodontia.pt\/#organization"},"potentialAction":[{"@type":"SearchAction","target":{"@type":"EntryPoint","urlTemplate":"https:\/\/www.sportodontia.pt\/?s={search_term_string}"},"query-input":{"@type":"PropertyValueSpecification","valueRequired":true,"valueName":"search_term_string"}}],"inLanguage":"en-US"},{"@type":"Organization","@id":"https:\/\/www.sportodontia.pt\/#organization","name":"Sociedade Portuguesa de Ortodontia","url":"https:\/\/www.sportodontia.pt\/","logo":{"@type":"ImageObject","inLanguage":"en-US","@id":"https:\/\/www.sportodontia.pt\/#\/schema\/logo\/image\/","url":"https:\/\/sportodontia.pt\/V2\/wp-content\/uploads\/2021\/03\/cropped-LOGO_SPO_VERSAO_DUAS_CORES.png","contentUrl":"https:\/\/sportodontia.pt\/V2\/wp-content\/uploads\/2021\/03\/cropped-LOGO_SPO_VERSAO_DUAS_CORES.png","width":505,"height":131,"caption":"Sociedade Portuguesa de Ortodontia"},"image":{"@id":"https:\/\/www.sportodontia.pt\/#\/schema\/logo\/image\/"},"sameAs":["https:\/\/www.facebook.com\/sportodontia\/","https:\/\/www.instagram.com\/sportodontia","https:\/\/www.linkedin.com\/company\/sportodontia"]}]}},"_links":{"self":[{"href":"https:\/\/www.sportodontia.pt\/en\/wp-json\/wp\/v2\/pages\/21523","targetHints":{"allow":["GET"]}}],"collection":[{"href":"https:\/\/www.sportodontia.pt\/en\/wp-json\/wp\/v2\/pages"}],"about":[{"href":"https:\/\/www.sportodontia.pt\/en\/wp-json\/wp\/v2\/types\/page"}],"author":[{"embeddable":true,"href":"https:\/\/www.sportodontia.pt\/en\/wp-json\/wp\/v2\/users\/148"}],"replies":[{"embeddable":true,"href":"https:\/\/www.sportodontia.pt\/en\/wp-json\/wp\/v2\/comments?post=21523"}],"version-history":[{"count":3,"href":"https:\/\/www.sportodontia.pt\/en\/wp-json\/wp\/v2\/pages\/21523\/revisions"}],"predecessor-version":[{"id":26537,"href":"https:\/\/www.sportodontia.pt\/en\/wp-json\/wp\/v2\/pages\/21523\/revisions\/26537"}],"wp:featuredmedia":[{"embeddable":true,"href":"https:\/\/www.sportodontia.pt\/en\/wp-json\/wp\/v2\/media\/19535"}],"wp:attachment":[{"href":"https:\/\/www.sportodontia.pt\/en\/wp-json\/wp\/v2\/media?parent=21523"}],"curies":[{"name":"wp","href":"https:\/\/api.w.org\/{rel}","templated":true}]}}